{"id":131,"date":"2024-08-20T15:50:14","date_gmt":"2024-08-20T13:50:14","guid":{"rendered":"https:\/\/pdbrbkiyx.preview.infomaniak.website\/?post_type=realisations&#038;p=131"},"modified":"2026-02-10T11:24:01","modified_gmt":"2026-02-10T10:24:01","slug":"parfums","status":"publish","type":"realisations","link":"https:\/\/www.mmbpro.com\/en\/realisations\/parfums\/","title":{"rendered":"Parfums"},"content":{"rendered":"\n<div class=\"wp-block-group is-style-large\"><div class=\"wp-block-group__inner-container is-layout-constrained wp-block-group-is-layout-constrained\">\n<div class=\"wp-block-columns is-layout-flex wp-container-core-columns-is-layout-9d6595d7 wp-block-columns-is-layout-flex\">\n<div class=\"wp-block-column is-layout-flow wp-block-column-is-layout-flow\">\n<figure class=\"wp-block-image size-large\"><img loading=\"lazy\" decoding=\"async\" width=\"680\" height=\"1024\" src=\"https:\/\/www.mmbpro.com\/wp-content\/uploads\/2026\/01\/Parade-Celine-680x1024.jpg\" alt=\"Maquette du parfum Parade de C\u00e9line, usinage laiton\" class=\"wp-image-1493\" srcset=\"https:\/\/www.mmbpro.com\/wp-content\/uploads\/2026\/01\/Parade-Celine-680x1024.jpg 680w, https:\/\/www.mmbpro.com\/wp-content\/uploads\/2026\/01\/Parade-Celine-199x300.jpg 199w, https:\/\/www.mmbpro.com\/wp-content\/uploads\/2026\/01\/Parade-Celine-768x1157.jpg 768w, https:\/\/www.mmbpro.com\/wp-content\/uploads\/2026\/01\/Parade-Celine-266x400.jpg 266w, https:\/\/www.mmbpro.com\/wp-content\/uploads\/2026\/01\/Parade-Celine.jpg 1020w\" sizes=\"auto, (max-width: 680px) 100vw, 680px\" \/><figcaption class=\"wp-element-caption\">Parade &#8211; C\u00e9line<\/figcaption><\/figure>\n\n\n\n<p><\/p>\n<\/div>\n\n\n\n<div class=\"wp-block-column is-layout-flow wp-block-column-is-layout-flow\">\n<figure class=\"wp-block-image size-large\"><img loading=\"lazy\" decoding=\"async\" width=\"680\" height=\"1024\" src=\"https:\/\/www.mmbpro.com\/wp-content\/uploads\/2026\/01\/Jadore-Dior-680x1024.jpg\" alt=\"Maquette bouchon J'adore de Dior\" class=\"wp-image-1495\" srcset=\"https:\/\/www.mmbpro.com\/wp-content\/uploads\/2026\/01\/Jadore-Dior-680x1024.jpg 680w, https:\/\/www.mmbpro.com\/wp-content\/uploads\/2026\/01\/Jadore-Dior-199x300.jpg 199w, https:\/\/www.mmbpro.com\/wp-content\/uploads\/2026\/01\/Jadore-Dior-768x1157.jpg 768w, https:\/\/www.mmbpro.com\/wp-content\/uploads\/2026\/01\/Jadore-Dior-266x400.jpg 266w, https:\/\/www.mmbpro.com\/wp-content\/uploads\/2026\/01\/Jadore-Dior.jpg 1020w\" sizes=\"auto, (max-width: 680px) 100vw, 680px\" \/><figcaption class=\"wp-element-caption\">J&#8217;adore l&#8217;Or &#8211; Christian Dior Parfums<\/figcaption><\/figure>\n\n\n\n<p class=\"has-text-align-center\"><strong>MMB VOLUM-e entretient une collaboration de longue date avec la prestigieuse maison Christian Dior Parfums, contribuant avec expertise et innovation au d\u00e9veloppement de ses cr\u00e9ations olfactives et cosm\u00e9tiques d&#8217;exception.<\/strong><\/p>\n<\/div>\n<\/div>\n\n\n\n<div class=\"wp-block-columns is-layout-flex wp-container-core-columns-is-layout-9d6595d7 wp-block-columns-is-layout-flex\">\n<div class=\"wp-block-column is-layout-flow wp-block-column-is-layout-flow\">\n<figure class=\"wp-block-image size-large\"><img loading=\"lazy\" decoding=\"async\" width=\"678\" height=\"1024\" src=\"https:\/\/www.mmbpro.com\/wp-content\/uploads\/2025\/03\/Cubes-01-678x1024.jpg\" alt=\"\" class=\"wp-image-768\" srcset=\"https:\/\/www.mmbpro.com\/wp-content\/uploads\/2025\/03\/Cubes-01-678x1024.jpg 678w, https:\/\/www.mmbpro.com\/wp-content\/uploads\/2025\/03\/Cubes-01-199x300.jpg 199w, https:\/\/www.mmbpro.com\/wp-content\/uploads\/2025\/03\/Cubes-01-768x1160.jpg 768w, https:\/\/www.mmbpro.com\/wp-content\/uploads\/2025\/03\/Cubes-01-1017x1536.jpg 1017w, https:\/\/www.mmbpro.com\/wp-content\/uploads\/2025\/03\/Cubes-01-265x400.jpg 265w, https:\/\/www.mmbpro.com\/wp-content\/uploads\/2025\/03\/Cubes-01.jpg 1306w\" sizes=\"auto, (max-width: 678px) 100vw, 678px\" \/><figcaption class=\"wp-element-caption\">Gentleman &#8211; Givenchy<\/figcaption><\/figure>\n\n\n\n<p class=\"has-text-align-center\"><strong>Les peintres et coloristes de MMB VOLUM-e subliment chaque nuance avec une pr\u00e9cision absolue, r\u00e9pondant aux exigences les plus raffin\u00e9es des grandes maisons de luxe.<\/strong><\/p>\n<\/div>\n\n\n\n<div class=\"wp-block-column is-layout-flow wp-block-column-is-layout-flow\">\n<figure class=\"wp-block-image size-large\"><img loading=\"lazy\" decoding=\"async\" width=\"683\" height=\"1024\" src=\"https:\/\/www.mmbpro.com\/wp-content\/uploads\/2025\/02\/Cubes-04-683x1024.jpg\" alt=\"Scandal - Jean-Paul Gaultier\" class=\"wp-image-557\" srcset=\"https:\/\/www.mmbpro.com\/wp-content\/uploads\/2025\/02\/Cubes-04-683x1024.jpg 683w, https:\/\/www.mmbpro.com\/wp-content\/uploads\/2025\/02\/Cubes-04-200x300.jpg 200w, https:\/\/www.mmbpro.com\/wp-content\/uploads\/2025\/02\/Cubes-04-768x1152.jpg 768w, https:\/\/www.mmbpro.com\/wp-content\/uploads\/2025\/02\/Cubes-04-1024x1536.jpg 1024w, https:\/\/www.mmbpro.com\/wp-content\/uploads\/2025\/02\/Cubes-04-267x400.jpg 267w, https:\/\/www.mmbpro.com\/wp-content\/uploads\/2025\/02\/Cubes-04.jpg 1321w\" sizes=\"auto, (max-width: 683px) 100vw, 683px\" \/><figcaption class=\"wp-element-caption\">Scandal &#8211; Jean-Paul Gaultier<\/figcaption><\/figure>\n\n\n\n<p><\/p>\n<\/div>\n<\/div>\n\n\n\n<div class=\"wp-block-columns is-layout-flex wp-container-core-columns-is-layout-9d6595d7 wp-block-columns-is-layout-flex\">\n<div class=\"wp-block-column is-layout-flow wp-block-column-is-layout-flow\">\n<figure class=\"wp-block-image size-large\"><img loading=\"lazy\" decoding=\"async\" width=\"687\" height=\"1024\" src=\"https:\/\/www.mmbpro.com\/wp-content\/uploads\/2025\/02\/PIC2805-687x1024.jpg\" alt=\"La Belle - Jean-Paul Gaultier\" class=\"wp-image-553\" srcset=\"https:\/\/www.mmbpro.com\/wp-content\/uploads\/2025\/02\/PIC2805-687x1024.jpg 687w, https:\/\/www.mmbpro.com\/wp-content\/uploads\/2025\/02\/PIC2805-201x300.jpg 201w, https:\/\/www.mmbpro.com\/wp-content\/uploads\/2025\/02\/PIC2805-768x1145.jpg 768w, https:\/\/www.mmbpro.com\/wp-content\/uploads\/2025\/02\/PIC2805-1030x1536.jpg 1030w, https:\/\/www.mmbpro.com\/wp-content\/uploads\/2025\/02\/PIC2805-268x400.jpg 268w, https:\/\/www.mmbpro.com\/wp-content\/uploads\/2025\/02\/PIC2805.jpg 1341w\" sizes=\"auto, (max-width: 687px) 100vw, 687px\" \/><figcaption class=\"wp-element-caption\">La Belle &#8211; Jean-Paul Gaultier<\/figcaption><\/figure>\n<\/div>\n\n\n\n<div class=\"wp-block-column is-layout-flow wp-block-column-is-layout-flow\">\n<figure class=\"wp-block-image size-large\"><img loading=\"lazy\" decoding=\"async\" width=\"718\" height=\"1024\" src=\"https:\/\/www.mmbpro.com\/wp-content\/uploads\/2025\/02\/Les-Sorbets-Nina-Ricci-718x1024.jpg\" alt=\"Les Sorbets - Nina Ricci\" class=\"wp-image-608\" srcset=\"https:\/\/www.mmbpro.com\/wp-content\/uploads\/2025\/02\/Les-Sorbets-Nina-Ricci-718x1024.jpg 718w, https:\/\/www.mmbpro.com\/wp-content\/uploads\/2025\/02\/Les-Sorbets-Nina-Ricci-210x300.jpg 210w, https:\/\/www.mmbpro.com\/wp-content\/uploads\/2025\/02\/Les-Sorbets-Nina-Ricci-768x1095.jpg 768w, https:\/\/www.mmbpro.com\/wp-content\/uploads\/2025\/02\/Les-Sorbets-Nina-Ricci-1077x1536.jpg 1077w, https:\/\/www.mmbpro.com\/wp-content\/uploads\/2025\/02\/Les-Sorbets-Nina-Ricci-281x400.jpg 281w, https:\/\/www.mmbpro.com\/wp-content\/uploads\/2025\/02\/Les-Sorbets-Nina-Ricci.jpg 1390w\" sizes=\"auto, (max-width: 718px) 100vw, 718px\" \/><figcaption class=\"wp-element-caption\">Les Sorbets &#8211; Nina Ricci<\/figcaption><\/figure>\n\n\n\n<p><\/p>\n<\/div>\n<\/div>\n\n\n\n<div class=\"wp-block-columns is-layout-flex wp-container-core-columns-is-layout-9d6595d7 wp-block-columns-is-layout-flex\">\n<div class=\"wp-block-column is-layout-flow wp-block-column-is-layout-flow\">\n<figure class=\"wp-block-image size-large\"><img loading=\"lazy\" decoding=\"async\" width=\"693\" height=\"1024\" src=\"https:\/\/www.mmbpro.com\/wp-content\/uploads\/2024\/08\/PIC2970-693x1024.jpg\" alt=\"\" class=\"wp-image-667\" srcset=\"https:\/\/www.mmbpro.com\/wp-content\/uploads\/2024\/08\/PIC2970-693x1024.jpg 693w, https:\/\/www.mmbpro.com\/wp-content\/uploads\/2024\/08\/PIC2970-203x300.jpg 203w, https:\/\/www.mmbpro.com\/wp-content\/uploads\/2024\/08\/PIC2970-768x1135.jpg 768w, https:\/\/www.mmbpro.com\/wp-content\/uploads\/2024\/08\/PIC2970-1040x1536.jpg 1040w, https:\/\/www.mmbpro.com\/wp-content\/uploads\/2024\/08\/PIC2970-271x400.jpg 271w, https:\/\/www.mmbpro.com\/wp-content\/uploads\/2024\/08\/PIC2970.jpg 1339w\" sizes=\"auto, (max-width: 693px) 100vw, 693px\" \/><figcaption class=\"wp-element-caption\">Le Poing &#8211; Diesel<\/figcaption><\/figure>\n\n\n\n<p class=\"has-text-align-center\"><strong>Cr\u00e9ation d&#8217;une \u00e9dition limit\u00e9e pour la marque de parfumerie Diesel, en partenariat avec le sportif Neymar.<\/strong><\/p>\n<\/div>\n\n\n\n<div class=\"wp-block-column is-layout-flow wp-block-column-is-layout-flow\">\n<figure class=\"wp-block-image size-large\"><img loading=\"lazy\" decoding=\"async\" width=\"696\" height=\"1024\" src=\"https:\/\/www.mmbpro.com\/wp-content\/uploads\/2024\/08\/PIC2967-696x1024.jpg\" alt=\"\" class=\"wp-image-668\" srcset=\"https:\/\/www.mmbpro.com\/wp-content\/uploads\/2024\/08\/PIC2967-696x1024.jpg 696w, https:\/\/www.mmbpro.com\/wp-content\/uploads\/2024\/08\/PIC2967-204x300.jpg 204w, https:\/\/www.mmbpro.com\/wp-content\/uploads\/2024\/08\/PIC2967-768x1130.jpg 768w, https:\/\/www.mmbpro.com\/wp-content\/uploads\/2024\/08\/PIC2967-1043x1536.jpg 1043w, https:\/\/www.mmbpro.com\/wp-content\/uploads\/2024\/08\/PIC2967-272x400.jpg 272w, https:\/\/www.mmbpro.com\/wp-content\/uploads\/2024\/08\/PIC2967.jpg 1339w\" sizes=\"auto, (max-width: 696px) 100vw, 696px\" \/><\/figure>\n<\/div>\n<\/div>\n<\/div><\/div>\n","protected":false},"featured_media":766,"template":"","class_list":["post-131","realisations","type-realisations","status-publish","has-post-thumbnail","hentry"],"yoast_head":"<!-- This site is optimized with the Yoast SEO plugin v27.2 - https:\/\/yoast.com\/product\/yoast-seo-wordpress\/ -->\n<title>R\u00e9alisations - Parfums - MMB Volum-e<\/title>\n<meta name=\"description\" content=\"Maquettes de parfums et \u00e9ditions limit\u00e9es : d\u00e9couvrez les r\u00e9alisations de MMB VOLUM-e pour les plus grandes Maisons de la Parfumerie\" \/>\n<meta name=\"robots\" content=\"index, follow, max-snippet:-1, max-image-preview:large, max-video-preview:-1\" \/>\n<link rel=\"canonical\" href=\"https:\/\/www.mmbpro.com\/en\/realisations\/parfums\/\" \/>\n<meta property=\"og:locale\" content=\"en_US\" \/>\n<meta property=\"og:type\" content=\"article\" \/>\n<meta property=\"og:title\" content=\"R\u00e9alisations - Parfums - MMB Volum-e\" \/>\n<meta property=\"og:description\" content=\"Maquettes de parfums et \u00e9ditions limit\u00e9es : d\u00e9couvrez les r\u00e9alisations de MMB VOLUM-e pour les plus grandes Maisons de la Parfumerie\" \/>\n<meta property=\"og:url\" content=\"https:\/\/www.mmbpro.com\/en\/realisations\/parfums\/\" \/>\n<meta property=\"og:site_name\" content=\"MMB Volum-e\" \/>\n<meta property=\"article:modified_time\" content=\"2026-02-10T10:24:01+00:00\" \/>\n<meta property=\"og:image\" content=\"https:\/\/www.mmbpro.com\/wp-content\/uploads\/2025\/03\/Parade-Celine-1.png\" \/>\n\t<meta property=\"og:image:width\" content=\"1313\" \/>\n\t<meta property=\"og:image:height\" content=\"739\" \/>\n\t<meta property=\"og:image:type\" content=\"image\/png\" \/>\n<meta name=\"twitter:card\" content=\"summary_large_image\" \/>\n<meta name=\"twitter:label1\" content=\"Est. reading time\" \/>\n\t<meta name=\"twitter:data1\" content=\"3 minutes\" \/>\n<script type=\"application\/ld+json\" class=\"yoast-schema-graph\">{\"@context\":\"https:\/\/schema.org\",\"@graph\":[{\"@type\":\"WebPage\",\"@id\":\"https:\/\/www.mmbpro.com\/en\/realisations\/parfums\/\",\"url\":\"https:\/\/www.mmbpro.com\/en\/realisations\/parfums\/\",\"name\":\"R\u00e9alisations - Parfums - MMB Volum-e\",\"isPartOf\":{\"@id\":\"https:\/\/www.mmbpro.com\/en\/#website\"},\"primaryImageOfPage\":{\"@id\":\"https:\/\/www.mmbpro.com\/en\/realisations\/parfums\/#primaryimage\"},\"image\":{\"@id\":\"https:\/\/www.mmbpro.com\/en\/realisations\/parfums\/#primaryimage\"},\"thumbnailUrl\":\"https:\/\/www.mmbpro.com\/wp-content\/uploads\/2025\/03\/Parade-Celine-1.png\",\"datePublished\":\"2024-08-20T13:50:14+00:00\",\"dateModified\":\"2026-02-10T10:24:01+00:00\",\"description\":\"Maquettes de parfums et \u00e9ditions limit\u00e9es : d\u00e9couvrez les r\u00e9alisations de MMB VOLUM-e pour les plus grandes Maisons de la Parfumerie\",\"breadcrumb\":{\"@id\":\"https:\/\/www.mmbpro.com\/en\/realisations\/parfums\/#breadcrumb\"},\"inLanguage\":\"en-US\",\"potentialAction\":[{\"@type\":\"ReadAction\",\"target\":[\"https:\/\/www.mmbpro.com\/en\/realisations\/parfums\/\"]}]},{\"@type\":\"ImageObject\",\"inLanguage\":\"en-US\",\"@id\":\"https:\/\/www.mmbpro.com\/en\/realisations\/parfums\/#primaryimage\",\"url\":\"https:\/\/www.mmbpro.com\/wp-content\/uploads\/2025\/03\/Parade-Celine-1.png\",\"contentUrl\":\"https:\/\/www.mmbpro.com\/wp-content\/uploads\/2025\/03\/Parade-Celine-1.png\",\"width\":1313,\"height\":739,\"caption\":\"Maquette parfum Parade de C\u00e9line, en laiton - 1313x739\"},{\"@type\":\"BreadcrumbList\",\"@id\":\"https:\/\/www.mmbpro.com\/en\/realisations\/parfums\/#breadcrumb\",\"itemListElement\":[{\"@type\":\"ListItem\",\"position\":1,\"name\":\"Accueil\",\"item\":\"https:\/\/www.mmbpro.com\/en\/\"},{\"@type\":\"ListItem\",\"position\":2,\"name\":\"Th\u00e9matiques\",\"item\":\"https:\/\/www.mmbpro.com\/en\/realisations\/\"},{\"@type\":\"ListItem\",\"position\":3,\"name\":\"Parfums\"}]},{\"@type\":\"WebSite\",\"@id\":\"https:\/\/www.mmbpro.com\/en\/#website\",\"url\":\"https:\/\/www.mmbpro.com\/en\/\",\"name\":\"MMB Volum-e\",\"description\":\"\",\"potentialAction\":[{\"@type\":\"SearchAction\",\"target\":{\"@type\":\"EntryPoint\",\"urlTemplate\":\"https:\/\/www.mmbpro.com\/en\/?s={search_term_string}\"},\"query-input\":{\"@type\":\"PropertyValueSpecification\",\"valueRequired\":true,\"valueName\":\"search_term_string\"}}],\"inLanguage\":\"en-US\"}]}<\/script>\n<!-- \/ Yoast SEO plugin. -->","yoast_head_json":{"title":"R\u00e9alisations - Parfums - MMB Volum-e","description":"Maquettes de parfums et \u00e9ditions limit\u00e9es : d\u00e9couvrez les r\u00e9alisations de MMB VOLUM-e pour les plus grandes Maisons de la Parfumerie","robots":{"index":"index","follow":"follow","max-snippet":"max-snippet:-1","max-image-preview":"max-image-preview:large","max-video-preview":"max-video-preview:-1"},"canonical":"https:\/\/www.mmbpro.com\/en\/realisations\/parfums\/","og_locale":"en_US","og_type":"article","og_title":"R\u00e9alisations - Parfums - MMB Volum-e","og_description":"Maquettes de parfums et \u00e9ditions limit\u00e9es : d\u00e9couvrez les r\u00e9alisations de MMB VOLUM-e pour les plus grandes Maisons de la Parfumerie","og_url":"https:\/\/www.mmbpro.com\/en\/realisations\/parfums\/","og_site_name":"MMB Volum-e","article_modified_time":"2026-02-10T10:24:01+00:00","og_image":[{"width":1313,"height":739,"url":"https:\/\/www.mmbpro.com\/wp-content\/uploads\/2025\/03\/Parade-Celine-1.png","type":"image\/png"}],"twitter_card":"summary_large_image","twitter_misc":{"Est. reading time":"3 minutes"},"schema":{"@context":"https:\/\/schema.org","@graph":[{"@type":"WebPage","@id":"https:\/\/www.mmbpro.com\/en\/realisations\/parfums\/","url":"https:\/\/www.mmbpro.com\/en\/realisations\/parfums\/","name":"R\u00e9alisations - Parfums - MMB Volum-e","isPartOf":{"@id":"https:\/\/www.mmbpro.com\/en\/#website"},"primaryImageOfPage":{"@id":"https:\/\/www.mmbpro.com\/en\/realisations\/parfums\/#primaryimage"},"image":{"@id":"https:\/\/www.mmbpro.com\/en\/realisations\/parfums\/#primaryimage"},"thumbnailUrl":"https:\/\/www.mmbpro.com\/wp-content\/uploads\/2025\/03\/Parade-Celine-1.png","datePublished":"2024-08-20T13:50:14+00:00","dateModified":"2026-02-10T10:24:01+00:00","description":"Maquettes de parfums et \u00e9ditions limit\u00e9es : d\u00e9couvrez les r\u00e9alisations de MMB VOLUM-e pour les plus grandes Maisons de la Parfumerie","breadcrumb":{"@id":"https:\/\/www.mmbpro.com\/en\/realisations\/parfums\/#breadcrumb"},"inLanguage":"en-US","potentialAction":[{"@type":"ReadAction","target":["https:\/\/www.mmbpro.com\/en\/realisations\/parfums\/"]}]},{"@type":"ImageObject","inLanguage":"en-US","@id":"https:\/\/www.mmbpro.com\/en\/realisations\/parfums\/#primaryimage","url":"https:\/\/www.mmbpro.com\/wp-content\/uploads\/2025\/03\/Parade-Celine-1.png","contentUrl":"https:\/\/www.mmbpro.com\/wp-content\/uploads\/2025\/03\/Parade-Celine-1.png","width":1313,"height":739,"caption":"Maquette parfum Parade de C\u00e9line, en laiton - 1313x739"},{"@type":"BreadcrumbList","@id":"https:\/\/www.mmbpro.com\/en\/realisations\/parfums\/#breadcrumb","itemListElement":[{"@type":"ListItem","position":1,"name":"Accueil","item":"https:\/\/www.mmbpro.com\/en\/"},{"@type":"ListItem","position":2,"name":"Th\u00e9matiques","item":"https:\/\/www.mmbpro.com\/en\/realisations\/"},{"@type":"ListItem","position":3,"name":"Parfums"}]},{"@type":"WebSite","@id":"https:\/\/www.mmbpro.com\/en\/#website","url":"https:\/\/www.mmbpro.com\/en\/","name":"MMB Volum-e","description":"","potentialAction":[{"@type":"SearchAction","target":{"@type":"EntryPoint","urlTemplate":"https:\/\/www.mmbpro.com\/en\/?s={search_term_string}"},"query-input":{"@type":"PropertyValueSpecification","valueRequired":true,"valueName":"search_term_string"}}],"inLanguage":"en-US"}]}},"_links":{"self":[{"href":"https:\/\/www.mmbpro.com\/en\/wp-json\/wp\/v2\/realisations\/131","targetHints":{"allow":["GET"]}}],"collection":[{"href":"https:\/\/www.mmbpro.com\/en\/wp-json\/wp\/v2\/realisations"}],"about":[{"href":"https:\/\/www.mmbpro.com\/en\/wp-json\/wp\/v2\/types\/realisations"}],"wp:featuredmedia":[{"embeddable":true,"href":"https:\/\/www.mmbpro.com\/en\/wp-json\/wp\/v2\/media\/766"}],"wp:attachment":[{"href":"https:\/\/www.mmbpro.com\/en\/wp-json\/wp\/v2\/media?parent=131"}],"curies":[{"name":"wp","href":"https:\/\/api.w.org\/{rel}","templated":true}]}}