{"id":388,"date":"2024-09-25T16:35:20","date_gmt":"2024-09-25T14:35:20","guid":{"rendered":"https:\/\/pdbrbkiyx.preview.infomaniak.website\/?post_type=realisations&#038;p=388"},"modified":"2026-02-18T11:50:41","modified_gmt":"2026-02-18T10:50:41","slug":"art","status":"publish","type":"realisations","link":"https:\/\/www.mmbpro.com\/en\/realisations\/art\/","title":{"rendered":"Pi\u00e8ces d&#8217;art"},"content":{"rendered":"\n<div class=\"wp-block-group is-style-large\"><div class=\"wp-block-group__inner-container is-layout-constrained wp-block-group-is-layout-constrained\">\n<div class=\"wp-block-columns is-layout-flex wp-container-core-columns-is-layout-9d6595d7 wp-block-columns-is-layout-flex\">\n<div class=\"wp-block-column is-layout-flow wp-block-column-is-layout-flow\">\n<figure class=\"wp-block-image size-large\"><img loading=\"lazy\" decoding=\"async\" width=\"1024\" height=\"682\" src=\"https:\/\/www.mmbpro.com\/wp-content\/uploads\/2024\/09\/Ronde-des-Saisons-Sucy-en-Brie-parJean-Marc-de-Pas-mars2020-422-1024x682.jpg\" alt=\"\" class=\"wp-image-692\" srcset=\"https:\/\/www.mmbpro.com\/wp-content\/uploads\/2024\/09\/Ronde-des-Saisons-Sucy-en-Brie-parJean-Marc-de-Pas-mars2020-422-1024x682.jpg 1024w, https:\/\/www.mmbpro.com\/wp-content\/uploads\/2024\/09\/Ronde-des-Saisons-Sucy-en-Brie-parJean-Marc-de-Pas-mars2020-422-300x200.jpg 300w, https:\/\/www.mmbpro.com\/wp-content\/uploads\/2024\/09\/Ronde-des-Saisons-Sucy-en-Brie-parJean-Marc-de-Pas-mars2020-422-768x512.jpg 768w, https:\/\/www.mmbpro.com\/wp-content\/uploads\/2024\/09\/Ronde-des-Saisons-Sucy-en-Brie-parJean-Marc-de-Pas-mars2020-422-1536x1024.jpg 1536w, https:\/\/www.mmbpro.com\/wp-content\/uploads\/2024\/09\/Ronde-des-Saisons-Sucy-en-Brie-parJean-Marc-de-Pas-mars2020-422-400x267.jpg 400w, https:\/\/www.mmbpro.com\/wp-content\/uploads\/2024\/09\/Ronde-des-Saisons-Sucy-en-Brie-parJean-Marc-de-Pas-mars2020-422.jpg 2000w\" sizes=\"auto, (max-width: 1024px) 100vw, 1024px\" \/><figcaption class=\"wp-element-caption\">Les Quatre saisons &#8211; Jean-Marc de Pas <\/figcaption><\/figure>\n\n\n\n<p class=\"has-text-align-center\"><strong>MMB VOLUM-e a eu le privil\u00e8ge d&#8217;accompagner l&#8217;artiste Jean-Marc de Pas dans la cr\u00e9ation de son \u0153uvre Les Quatre Saisons, une sculpture monumentale d&#8217;exception, sublimant un parc de la r\u00e9gion parisienne.<\/strong><\/p>\n\n\n\n<div class=\"wp-block-buttons is-content-justification-right is-layout-flex wp-container-core-buttons-is-layout-765c4724 wp-block-buttons-is-layout-flex\">\n<div class=\"wp-block-button\"><a class=\"wp-block-button__link has-text-align-right wp-element-button\" href=\"https:\/\/www.mmbpro.com\/art-impression3d\/\">En savoir plus<\/a><\/div>\n<\/div>\n<\/div>\n\n\n\n<div class=\"wp-block-column is-layout-flow wp-block-column-is-layout-flow\">\n<figure class=\"wp-block-image size-large\"><img loading=\"lazy\" decoding=\"async\" width=\"1024\" height=\"731\" src=\"https:\/\/www.mmbpro.com\/wp-content\/uploads\/2024\/09\/cg-tourbillon-gallery-2-a-1680x-q80-1024x731.jpg\" alt=\"\" class=\"wp-image-1186\" srcset=\"https:\/\/www.mmbpro.com\/wp-content\/uploads\/2024\/09\/cg-tourbillon-gallery-2-a-1680x-q80-1024x731.jpg 1024w, https:\/\/www.mmbpro.com\/wp-content\/uploads\/2024\/09\/cg-tourbillon-gallery-2-a-1680x-q80-300x214.jpg 300w, https:\/\/www.mmbpro.com\/wp-content\/uploads\/2024\/09\/cg-tourbillon-gallery-2-a-1680x-q80-768x549.jpg 768w, https:\/\/www.mmbpro.com\/wp-content\/uploads\/2024\/09\/cg-tourbillon-gallery-2-a-1680x-q80-1536x1097.jpg 1536w, https:\/\/www.mmbpro.com\/wp-content\/uploads\/2024\/09\/cg-tourbillon-gallery-2-a-1680x-q80-400x286.jpg 400w, https:\/\/www.mmbpro.com\/wp-content\/uploads\/2024\/09\/cg-tourbillon-gallery-2-a-1680x-q80.jpg 1680w\" sizes=\"auto, (max-width: 1024px) 100vw, 1024px\" \/><figcaption class=\"wp-element-caption\">Tourbillon &#8211; Constance Guisset<\/figcaption><\/figure>\n\n\n\n<p class=\"has-text-align-center\"><strong>Accompagnement de la Designer Constance Guisset dans la r\u00e9alisation de Tourbillon, un objet sculptural r\u00e9alis\u00e9 pour Christian Dior Parfums, \u00e9voquant l&#8217;univers du parfum J&#8217;adore.<\/strong><\/p>\n<\/div>\n<\/div>\n\n\n\n<div class=\"wp-block-columns is-layout-flex wp-container-core-columns-is-layout-9d6595d7 wp-block-columns-is-layout-flex\">\n<div class=\"wp-block-column is-layout-flow wp-block-column-is-layout-flow\">\n<figure class=\"wp-block-image size-large\"><img loading=\"lazy\" decoding=\"async\" width=\"1024\" height=\"683\" src=\"https:\/\/www.mmbpro.com\/wp-content\/uploads\/2024\/09\/464736778_3272243406244737_1643274507884415347_n-1-1024x683.jpg\" alt=\"\" class=\"wp-image-1190\" srcset=\"https:\/\/www.mmbpro.com\/wp-content\/uploads\/2024\/09\/464736778_3272243406244737_1643274507884415347_n-1-1024x683.jpg 1024w, https:\/\/www.mmbpro.com\/wp-content\/uploads\/2024\/09\/464736778_3272243406244737_1643274507884415347_n-1-300x200.jpg 300w, https:\/\/www.mmbpro.com\/wp-content\/uploads\/2024\/09\/464736778_3272243406244737_1643274507884415347_n-1-768x512.jpg 768w, https:\/\/www.mmbpro.com\/wp-content\/uploads\/2024\/09\/464736778_3272243406244737_1643274507884415347_n-1-1536x1024.jpg 1536w, https:\/\/www.mmbpro.com\/wp-content\/uploads\/2024\/09\/464736778_3272243406244737_1643274507884415347_n-1-400x267.jpg 400w, https:\/\/www.mmbpro.com\/wp-content\/uploads\/2024\/09\/464736778_3272243406244737_1643274507884415347_n-1.jpg 1875w\" sizes=\"auto, (max-width: 1024px) 100vw, 1024px\" \/><figcaption class=\"wp-element-caption\">Mickey l&#8217;Apprenti Sorcier &#8211; Richard Orlinski<\/figcaption><\/figure>\n\n\n\n<p class=\"has-text-align-center\"><strong>A l&#8217;occasion des 20ans de Disneyland Paris, l&#8217;artiste de renom Richard Orlinski a cr\u00e9\u00e9 une sculpture en \u00e9dition limit\u00e9e de Mickey l&#8217;Apprenti Sorcier. MMB VOLUM-e a eu l&#8217;honneur de l&#8217;accompagner dans la r\u00e9alisation de cette pi\u00e8ce d&#8217;exception.<\/strong><\/p>\n<\/div>\n\n\n\n<div class=\"wp-block-column is-layout-flow wp-block-column-is-layout-flow\">\n<figure class=\"wp-block-image size-large\"><img loading=\"lazy\" decoding=\"async\" width=\"1024\" height=\"576\" src=\"https:\/\/www.mmbpro.com\/wp-content\/uploads\/2024\/09\/Ange-Pleureur-retouche-1024x576.jpg\" alt=\"\" class=\"wp-image-1254\" srcset=\"https:\/\/www.mmbpro.com\/wp-content\/uploads\/2024\/09\/Ange-Pleureur-retouche-1024x576.jpg 1024w, https:\/\/www.mmbpro.com\/wp-content\/uploads\/2024\/09\/Ange-Pleureur-retouche-300x169.jpg 300w, https:\/\/www.mmbpro.com\/wp-content\/uploads\/2024\/09\/Ange-Pleureur-retouche-768x432.jpg 768w, https:\/\/www.mmbpro.com\/wp-content\/uploads\/2024\/09\/Ange-Pleureur-retouche-400x225.jpg 400w, https:\/\/www.mmbpro.com\/wp-content\/uploads\/2024\/09\/Ange-Pleureur-retouche.jpg 1280w\" sizes=\"auto, (max-width: 1024px) 100vw, 1024px\" \/><figcaption class=\"wp-element-caption\">L&#8217;Ange Pleureur &#8211; Bijouterie Flinois<\/figcaption><\/figure>\n\n\n\n<p><\/p>\n<\/div>\n<\/div>\n<\/div><\/div>\n","protected":false},"featured_media":787,"template":"","class_list":["post-388","realisations","type-realisations","status-publish","has-post-thumbnail","hentry"],"yoast_head":"<!-- This site is optimized with the Yoast SEO plugin v27.2 - https:\/\/yoast.com\/product\/yoast-seo-wordpress\/ -->\n<title>Pi\u00e8ces d&#039;art - MMB Volum-e<\/title>\n<meta name=\"robots\" content=\"index, follow, max-snippet:-1, max-image-preview:large, max-video-preview:-1\" \/>\n<link rel=\"canonical\" href=\"https:\/\/www.mmbpro.com\/en\/realisations\/art\/\" \/>\n<meta property=\"og:locale\" content=\"en_US\" \/>\n<meta property=\"og:type\" content=\"article\" \/>\n<meta property=\"og:title\" content=\"Pi\u00e8ces d&#039;art - MMB Volum-e\" \/>\n<meta property=\"og:description\" content=\"MMB VOLUM-e a eu le privil\u00e8ge d&#8217;accompagner l&#8217;artiste Jean-Marc de Pas dans la cr\u00e9ation de son \u0153uvre Les Quatre Saisons, une sculpture monumentale d&#8217;exception, sublimant un parc de la r\u00e9gion parisienne. Accompagnement de la Designer Constance Guisset dans la r\u00e9alisation de Tourbillon, un objet sculptural r\u00e9alis\u00e9 pour Christian Dior Parfums, \u00e9voquant l&#8217;univers du parfum J&#8217;adore. [&hellip;]\" \/>\n<meta property=\"og:url\" content=\"https:\/\/www.mmbpro.com\/en\/realisations\/art\/\" \/>\n<meta property=\"og:site_name\" content=\"MMB Volum-e\" \/>\n<meta property=\"article:modified_time\" content=\"2026-02-18T10:50:41+00:00\" \/>\n<meta property=\"og:image\" content=\"https:\/\/www.mmbpro.com\/wp-content\/uploads\/2025\/03\/Header-Piece-dart-1024x576.png\" \/>\n\t<meta property=\"og:image:width\" content=\"1024\" \/>\n\t<meta property=\"og:image:height\" content=\"576\" \/>\n\t<meta property=\"og:image:type\" content=\"image\/png\" \/>\n<meta name=\"twitter:card\" content=\"summary_large_image\" \/>\n<meta name=\"twitter:label1\" content=\"Est. reading time\" \/>\n\t<meta name=\"twitter:data1\" content=\"2 minutes\" \/>\n<script type=\"application\/ld+json\" class=\"yoast-schema-graph\">{\"@context\":\"https:\/\/schema.org\",\"@graph\":[{\"@type\":\"WebPage\",\"@id\":\"https:\/\/www.mmbpro.com\/en\/realisations\/art\/\",\"url\":\"https:\/\/www.mmbpro.com\/en\/realisations\/art\/\",\"name\":\"Pi\u00e8ces d'art - MMB Volum-e\",\"isPartOf\":{\"@id\":\"https:\/\/www.mmbpro.com\/en\/#website\"},\"primaryImageOfPage\":{\"@id\":\"https:\/\/www.mmbpro.com\/en\/realisations\/art\/#primaryimage\"},\"image\":{\"@id\":\"https:\/\/www.mmbpro.com\/en\/realisations\/art\/#primaryimage\"},\"thumbnailUrl\":\"https:\/\/www.mmbpro.com\/wp-content\/uploads\/2025\/03\/Header-Piece-dart.png\",\"datePublished\":\"2024-09-25T14:35:20+00:00\",\"dateModified\":\"2026-02-18T10:50:41+00:00\",\"breadcrumb\":{\"@id\":\"https:\/\/www.mmbpro.com\/en\/realisations\/art\/#breadcrumb\"},\"inLanguage\":\"en-US\",\"potentialAction\":[{\"@type\":\"ReadAction\",\"target\":[\"https:\/\/www.mmbpro.com\/en\/realisations\/art\/\"]}]},{\"@type\":\"ImageObject\",\"inLanguage\":\"en-US\",\"@id\":\"https:\/\/www.mmbpro.com\/en\/realisations\/art\/#primaryimage\",\"url\":\"https:\/\/www.mmbpro.com\/wp-content\/uploads\/2025\/03\/Header-Piece-dart.png\",\"contentUrl\":\"https:\/\/www.mmbpro.com\/wp-content\/uploads\/2025\/03\/Header-Piece-dart.png\",\"width\":2000,\"height\":1125,\"caption\":\"La Ronde des Saisons\"},{\"@type\":\"BreadcrumbList\",\"@id\":\"https:\/\/www.mmbpro.com\/en\/realisations\/art\/#breadcrumb\",\"itemListElement\":[{\"@type\":\"ListItem\",\"position\":1,\"name\":\"Accueil\",\"item\":\"https:\/\/www.mmbpro.com\/en\/\"},{\"@type\":\"ListItem\",\"position\":2,\"name\":\"Th\u00e9matiques\",\"item\":\"https:\/\/www.mmbpro.com\/en\/realisations\/\"},{\"@type\":\"ListItem\",\"position\":3,\"name\":\"Pi\u00e8ces d&rsquo;art\"}]},{\"@type\":\"WebSite\",\"@id\":\"https:\/\/www.mmbpro.com\/en\/#website\",\"url\":\"https:\/\/www.mmbpro.com\/en\/\",\"name\":\"MMB Volum-e\",\"description\":\"\",\"potentialAction\":[{\"@type\":\"SearchAction\",\"target\":{\"@type\":\"EntryPoint\",\"urlTemplate\":\"https:\/\/www.mmbpro.com\/en\/?s={search_term_string}\"},\"query-input\":{\"@type\":\"PropertyValueSpecification\",\"valueRequired\":true,\"valueName\":\"search_term_string\"}}],\"inLanguage\":\"en-US\"}]}<\/script>\n<!-- \/ Yoast SEO plugin. -->","yoast_head_json":{"title":"Pi\u00e8ces d'art - MMB Volum-e","robots":{"index":"index","follow":"follow","max-snippet":"max-snippet:-1","max-image-preview":"max-image-preview:large","max-video-preview":"max-video-preview:-1"},"canonical":"https:\/\/www.mmbpro.com\/en\/realisations\/art\/","og_locale":"en_US","og_type":"article","og_title":"Pi\u00e8ces d'art - MMB Volum-e","og_description":"MMB VOLUM-e a eu le privil\u00e8ge d&#8217;accompagner l&#8217;artiste Jean-Marc de Pas dans la cr\u00e9ation de son \u0153uvre Les Quatre Saisons, une sculpture monumentale d&#8217;exception, sublimant un parc de la r\u00e9gion parisienne. Accompagnement de la Designer Constance Guisset dans la r\u00e9alisation de Tourbillon, un objet sculptural r\u00e9alis\u00e9 pour Christian Dior Parfums, \u00e9voquant l&#8217;univers du parfum J&#8217;adore. [&hellip;]","og_url":"https:\/\/www.mmbpro.com\/en\/realisations\/art\/","og_site_name":"MMB Volum-e","article_modified_time":"2026-02-18T10:50:41+00:00","og_image":[{"width":1024,"height":576,"url":"https:\/\/www.mmbpro.com\/wp-content\/uploads\/2025\/03\/Header-Piece-dart-1024x576.png","type":"image\/png"}],"twitter_card":"summary_large_image","twitter_misc":{"Est. reading time":"2 minutes"},"schema":{"@context":"https:\/\/schema.org","@graph":[{"@type":"WebPage","@id":"https:\/\/www.mmbpro.com\/en\/realisations\/art\/","url":"https:\/\/www.mmbpro.com\/en\/realisations\/art\/","name":"Pi\u00e8ces d'art - MMB Volum-e","isPartOf":{"@id":"https:\/\/www.mmbpro.com\/en\/#website"},"primaryImageOfPage":{"@id":"https:\/\/www.mmbpro.com\/en\/realisations\/art\/#primaryimage"},"image":{"@id":"https:\/\/www.mmbpro.com\/en\/realisations\/art\/#primaryimage"},"thumbnailUrl":"https:\/\/www.mmbpro.com\/wp-content\/uploads\/2025\/03\/Header-Piece-dart.png","datePublished":"2024-09-25T14:35:20+00:00","dateModified":"2026-02-18T10:50:41+00:00","breadcrumb":{"@id":"https:\/\/www.mmbpro.com\/en\/realisations\/art\/#breadcrumb"},"inLanguage":"en-US","potentialAction":[{"@type":"ReadAction","target":["https:\/\/www.mmbpro.com\/en\/realisations\/art\/"]}]},{"@type":"ImageObject","inLanguage":"en-US","@id":"https:\/\/www.mmbpro.com\/en\/realisations\/art\/#primaryimage","url":"https:\/\/www.mmbpro.com\/wp-content\/uploads\/2025\/03\/Header-Piece-dart.png","contentUrl":"https:\/\/www.mmbpro.com\/wp-content\/uploads\/2025\/03\/Header-Piece-dart.png","width":2000,"height":1125,"caption":"La Ronde des Saisons"},{"@type":"BreadcrumbList","@id":"https:\/\/www.mmbpro.com\/en\/realisations\/art\/#breadcrumb","itemListElement":[{"@type":"ListItem","position":1,"name":"Accueil","item":"https:\/\/www.mmbpro.com\/en\/"},{"@type":"ListItem","position":2,"name":"Th\u00e9matiques","item":"https:\/\/www.mmbpro.com\/en\/realisations\/"},{"@type":"ListItem","position":3,"name":"Pi\u00e8ces d&rsquo;art"}]},{"@type":"WebSite","@id":"https:\/\/www.mmbpro.com\/en\/#website","url":"https:\/\/www.mmbpro.com\/en\/","name":"MMB Volum-e","description":"","potentialAction":[{"@type":"SearchAction","target":{"@type":"EntryPoint","urlTemplate":"https:\/\/www.mmbpro.com\/en\/?s={search_term_string}"},"query-input":{"@type":"PropertyValueSpecification","valueRequired":true,"valueName":"search_term_string"}}],"inLanguage":"en-US"}]}},"_links":{"self":[{"href":"https:\/\/www.mmbpro.com\/en\/wp-json\/wp\/v2\/realisations\/388","targetHints":{"allow":["GET"]}}],"collection":[{"href":"https:\/\/www.mmbpro.com\/en\/wp-json\/wp\/v2\/realisations"}],"about":[{"href":"https:\/\/www.mmbpro.com\/en\/wp-json\/wp\/v2\/types\/realisations"}],"wp:featuredmedia":[{"embeddable":true,"href":"https:\/\/www.mmbpro.com\/en\/wp-json\/wp\/v2\/media\/787"}],"wp:attachment":[{"href":"https:\/\/www.mmbpro.com\/en\/wp-json\/wp\/v2\/media?parent=388"}],"curies":[{"name":"wp","href":"https:\/\/api.w.org\/{rel}","templated":true}]}}